{"id":14586,"date":"2020-06-06T13:45:30","date_gmt":"2020-06-06T11:45:30","guid":{"rendered":"http:\/\/istrazivacibiblijeuhrvatskoj.com\/blog\/?page_id=14586"},"modified":"2022-02-23T12:52:34","modified_gmt":"2022-02-23T10:52:34","slug":"2021-2","status":"publish","type":"page","link":"https:\/\/istrazivacibiblijeuhrvatskoj.com\/blog\/kruzno-pismo\/2021-2\/","title":{"rendered":"2021"},"content":{"rendered":"<h3 style=\"text-align: left;\"><strong>PROLJE\u0106E 2021<\/strong><\/h3>\n<p><b><a href=\"http:\/\/istrazivacibiblijeuhrvatskoj.com\/newsletter\/VK202101.pdf\" target=\"_blank\" rel=\"noopener noreferrer\"><img loading=\"lazy\" decoding=\"async\" class=\"alignright wp-image-15194\" src=\"https:\/\/istrazivacibiblijeuhrvatskoj.com\/blog\/wp-content\/uploads\/2022\/02\/WorldAtWarFront-300x215.jpg\" alt=\"\" width=\"420\" height=\"301\" srcset=\"https:\/\/istrazivacibiblijeuhrvatskoj.com\/blog\/wp-content\/uploads\/2022\/02\/WorldAtWarFront-300x215.jpg 300w, https:\/\/istrazivacibiblijeuhrvatskoj.com\/blog\/wp-content\/uploads\/2022\/02\/WorldAtWarFront-1024x734.jpg 1024w, https:\/\/istrazivacibiblijeuhrvatskoj.com\/blog\/wp-content\/uploads\/2022\/02\/WorldAtWarFront-768x551.jpg 768w, https:\/\/istrazivacibiblijeuhrvatskoj.com\/blog\/wp-content\/uploads\/2022\/02\/WorldAtWarFront-1536x1101.jpg 1536w, https:\/\/istrazivacibiblijeuhrvatskoj.com\/blog\/wp-content\/uploads\/2022\/02\/WorldAtWarFront.jpg 1748w\" sizes=\"auto, (max-width: 420px) 100vw, 420px\" \/><\/a><\/b><\/p>\n<p><b>SVIJET U RATU<br \/>\n<\/b><span style=\"font-family: 'Times New Roman', sans-serif;\"><span style=\"font-size: medium;\">Mediji te\u0161ko mogu i\u0107i u korak sa mnogim ratovima koji izbijaju \u0161irom svijeta\u2014Afganistan, Ukrajina, Gaza i brojne zara\u0107ene frakcije u Africi. Ozbiljne to\u010dke napetosti tako\u0111er postoje u Rusiji, Pakistanu, Kini i Sjevernoj Koreji.<\/span><\/span><br \/>\nSvijetom ra\u0161ireni terorizam je jedan od znakova \u201ekraja doba.\u201d Govore\u0107i proro\u010danski o tom fenomenu u vremenu kraja Joel se je dobro izrazio: <em>\u201eneka slabi\u0107 ka\u017ee: Ja sam jak!\u201d<\/em> (Joel 3:10)<\/p>\n<p>&nbsp;<\/p>\n<h3 style=\"text-align: right;\"><strong>LJETO 2021<\/strong><\/h3>\n<p><a href=\"http:\/\/istrazivacibiblijeuhrvatskoj.com\/newsletter\/VK202102.pdf\" target=\"_blank\" rel=\"noopener noreferrer\"><br \/>\n<\/a><a href=\"http:\/\/istrazivacibiblijeuhrvatskoj.com\/newsletter\/VK202102.pdf\" target=\"_blank\" rel=\"noopener noreferrer\"><img loading=\"lazy\" decoding=\"async\" class=\"alignleft wp-image-14033\" src=\"https:\/\/istrazivacibiblijeuhrvatskoj.com\/blog\/wp-content\/uploads\/2020\/03\/Salvation-300x300.jpg\" alt=\"\" width=\"270\" height=\"270\" srcset=\"https:\/\/istrazivacibiblijeuhrvatskoj.com\/blog\/wp-content\/uploads\/2020\/03\/Salvation-300x300.jpg 300w, https:\/\/istrazivacibiblijeuhrvatskoj.com\/blog\/wp-content\/uploads\/2020\/03\/Salvation-1024x1024.jpg 1024w, https:\/\/istrazivacibiblijeuhrvatskoj.com\/blog\/wp-content\/uploads\/2020\/03\/Salvation-150x150.jpg 150w, https:\/\/istrazivacibiblijeuhrvatskoj.com\/blog\/wp-content\/uploads\/2020\/03\/Salvation-768x768.jpg 768w, https:\/\/istrazivacibiblijeuhrvatskoj.com\/blog\/wp-content\/uploads\/2020\/03\/Salvation.jpg 1350w\" sizes=\"auto, (max-width: 270px) 100vw, 270px\" \/><\/a><\/p>\n<p><strong><span style=\"font-family: 'Times New Roman', sans-serif;\"><span style=\"font-size: medium;\">Popularno Gledi\u0161te O Spasenju Ograni\u010dava Bo\u017eju Ljubav. <\/span><\/span><\/strong><span style=\"font-family: 'Times New Roman', sans-serif;\"><span style=\"font-size: medium;\">Dramati\u010dni doga\u0111aji koji se odvijaju na Bliskom Istoku, navode mnoge Kr\u0161\u0107ane da objavljuju vrijeme kraja o kojemu je govorio Prorok Danijel. (Dan. 12:4) To je atmosferu ispunilo o\u010dekivanjem kona\u010dnog suda za Nekr\u0161\u0107ane kako oni tvrde i spasenja za iznena\u0111uju\u0107u nekolicinu. To popularno Kr\u0161\u0107ansko gledi\u0161te o spasenju tvrdi da \u0107e nevjernici, velika ve\u0107ina \u010dovje\u010danstva, biti izgubljeni zauvijek. Me\u0111utim, to gledi\u0161te ozbiljno ne dosti\u017ee istinu o Bo\u017ejoj milosrdnoj pripremi za spasenje&#8230;<\/span><\/span><\/p>\n<p>&nbsp;<\/p>\n<h3 style=\"text-align: left;\"><strong>JESEN 2021<\/strong><\/h3>\n<p><a href=\"http:\/\/istrazivacibiblijeuhrvatskoj.com\/newsletter\/VK202103.pdf\" target=\"_blank\" rel=\"noopener noreferrer\"><br \/>\n<img loading=\"lazy\" decoding=\"async\" class=\"alignright wp-image-14513\" src=\"https:\/\/istrazivacibiblijeuhrvatskoj.com\/blog\/wp-content\/uploads\/2020\/05\/MountainSpringThumb-300x171.jpg\" alt=\"\" width=\"400\" height=\"228\" srcset=\"https:\/\/istrazivacibiblijeuhrvatskoj.com\/blog\/wp-content\/uploads\/2020\/05\/MountainSpringThumb-300x171.jpg 300w, https:\/\/istrazivacibiblijeuhrvatskoj.com\/blog\/wp-content\/uploads\/2020\/05\/MountainSpringThumb-768x438.jpg 768w, https:\/\/istrazivacibiblijeuhrvatskoj.com\/blog\/wp-content\/uploads\/2020\/05\/MountainSpringThumb.jpg 923w\" sizes=\"auto, (max-width: 400px) 100vw, 400px\" \/><\/a><span style=\"font-family: 'Times New Roman', sans-serif;\"><span style=\"font-size: medium;\"><strong>\u201eKRAJ SVIJETA\u201d KAKVOG POZNAJEMO<br \/>\n<\/strong><\/span><\/span><span style=\"font-family: 'Times New Roman', sans-serif;\"><span style=\"font-size: medium;\"> U ovo vrijeme velikog proro\u010danskog o\u010dekivanja, Kr\u0161\u0107ani \u010desto koriste izraz <em>kraj svijeta<\/em>, a koji je bio povezan sa potpunim uni\u0161tenjem planeta. Me\u0111utim, taj sumorni izgled rezultat je Biblijskog prijevoda koji daje pogre\u0161an utisak a koji bi trebao to\u010dnije glasiti <em>dovr\u0161enje vijeka<\/em> a ne <em>kraj svijeta<\/em>. (Vidi Matej 24:3, <em>\u0110akovi\u0107: dovr\u0161enje vijeka<\/em>)<\/span><\/span><\/p>\n<h3 style=\"text-align: right;\"><strong>ZIMA 2021<\/strong><\/h3>\n<p><a href=\"http:\/\/istrazivacibiblijeuhrvatskoj.com\/newsletter\/VK202104.pdf\" target=\"_blank\" rel=\"noopener noreferrer\"><br \/>\n<img loading=\"lazy\" decoding=\"async\" class=\"alignleft wp-image-14718\" src=\"https:\/\/istrazivacibiblijeuhrvatskoj.com\/blog\/wp-content\/uploads\/2020\/10\/GloryEarthCroatianSmall-300x300.jpg\" alt=\"\" width=\"270\" height=\"270\" srcset=\"https:\/\/istrazivacibiblijeuhrvatskoj.com\/blog\/wp-content\/uploads\/2020\/10\/GloryEarthCroatianSmall-300x300.jpg 300w, https:\/\/istrazivacibiblijeuhrvatskoj.com\/blog\/wp-content\/uploads\/2020\/10\/GloryEarthCroatianSmall-150x150.jpg 150w, https:\/\/istrazivacibiblijeuhrvatskoj.com\/blog\/wp-content\/uploads\/2020\/10\/GloryEarthCroatianSmall-768x768.jpg 768w, https:\/\/istrazivacibiblijeuhrvatskoj.com\/blog\/wp-content\/uploads\/2020\/10\/GloryEarthCroatianSmall.jpg 900w\" sizes=\"auto, (max-width: 270px) 100vw, 270px\" \/><\/a><b>KAMO IDE OVAJ SVIJET?<br \/>\n<\/b>Novinski mediji opisuju krizu Covid-19 kao \u201eapokalipti\u010dnu,\u201d i, doista, bila je tragi\u010dna za stotine tisu\u0107a, dok broj mrtvih raste i financijske neda\u0107e se nastavljaju talasati po svijetu. Mnogi Kr\u0161\u0107ani naga\u0111aju da \u0107e ta Covid-19 pandemija u kona\u010dnici uvesti kona\u010dni dan presude suda za \u010dovje\u010danstvo. Oni tvrde da \u0107e uskoro svi Kr\u0161\u0107ani biti uzneseni u nebo u trenu, dok \u0107e oni koji ostanu biti podvrgnuti razdoblju srama i muke, koje zavr\u0161ava uni\u0161tenjem svijeta vatrom. Ali, je li to ono \u0161to Sveto Pismo stvarno nau\u010dava?<\/p>\n<h5><\/h5>\n<h5 style=\"text-align: center;\"><strong>KLIKNITE NA GORNJU SLIKU I SKINITE U PDFU.<\/strong><\/h5>\n","protected":false},"excerpt":{"rendered":"<p>PROLJE\u0106E 2021 SVIJET U RATU Mediji te\u0161ko mogu i\u0107i u korak sa mnogim ratovima koji izbijaju \u0161irom svijeta\u2014Afganistan, Ukrajina, Gaza i brojne zara\u0107ene frakcije u Africi. Ozbiljne to\u010dke napetosti tako\u0111er postoje u Rusiji, Pakistanu, Kini i Sjevernoj Koreji. Svijetom ra\u0161ireni &hellip; <a href=\"https:\/\/istrazivacibiblijeuhrvatskoj.com\/blog\/kruzno-pismo\/2021-2\/\">Continue reading <span class=\"meta-nav\">&rarr;<\/span><\/a><\/p>\n","protected":false},"author":1,"featured_media":0,"parent":10404,"menu_order":2021,"comment_status":"closed","ping_status":"closed","template":"","meta":{"footnotes":""},"class_list":["post-14586","page","type-page","status-publish","hentry"],"_links":{"self":[{"href":"https:\/\/istrazivacibiblijeuhrvatskoj.com\/blog\/wp-json\/wp\/v2\/pages\/14586","targetHints":{"allow":["GET"]}}],"collection":[{"href":"https:\/\/istrazivacibiblijeuhrvatskoj.com\/blog\/wp-json\/wp\/v2\/pages"}],"about":[{"href":"https:\/\/istrazivacibiblijeuhrvatskoj.com\/blog\/wp-json\/wp\/v2\/types\/page"}],"author":[{"embeddable":true,"href":"https:\/\/istrazivacibiblijeuhrvatskoj.com\/blog\/wp-json\/wp\/v2\/users\/1"}],"replies":[{"embeddable":true,"href":"https:\/\/istrazivacibiblijeuhrvatskoj.com\/blog\/wp-json\/wp\/v2\/comments?post=14586"}],"version-history":[{"count":7,"href":"https:\/\/istrazivacibiblijeuhrvatskoj.com\/blog\/wp-json\/wp\/v2\/pages\/14586\/revisions"}],"predecessor-version":[{"id":15196,"href":"https:\/\/istrazivacibiblijeuhrvatskoj.com\/blog\/wp-json\/wp\/v2\/pages\/14586\/revisions\/15196"}],"up":[{"embeddable":true,"href":"https:\/\/istrazivacibiblijeuhrvatskoj.com\/blog\/wp-json\/wp\/v2\/pages\/10404"}],"wp:attachment":[{"href":"https:\/\/istrazivacibiblijeuhrvatskoj.com\/blog\/wp-json\/wp\/v2\/media?parent=14586"}],"curies":[{"name":"wp","href":"https:\/\/api.w.org\/{rel}","templated":true}]}}